{"id":263,"date":"2013-01-07T17:08:21","date_gmt":"2013-01-07T16:08:21","guid":{"rendered":"http:\/\/olvasodelalfold.sk-szeged.hu\/?page_id=263"},"modified":"2016-12-23T18:28:08","modified_gmt":"2016-12-23T17:28:08","slug":"rolunk-irtak","status":"publish","type":"page","link":"http:\/\/olvasodelalfold.sk-szeged.hu\/?page_id=263","title":{"rendered":"R\u00f3lunk \u00edrt\u00e1k"},"content":{"rendered":"<p><a href=\"http:\/\/www.szabadfold.hu\/csalad\/versengtek_a_konyvtarak\" target=\"_blank\">Versengtek a k\u00f6nyvt\u00e1rak<\/a> (szabadfold.hu)<\/p>\n<p><a href=\"http:\/\/www.youtube.com\/watch?v=foS6W45FboA\" target=\"_blank\">Somogyi-k\u00f6nyvt\u00e1r, flashmob a szegedi \u00c1rk\u00e1dban<\/a> (youtube.com)<\/p>\n<p><a href=\"http:\/\/szegedma.hu\/hir\/szeged\/2013\/10\/olvasshopping-konyvtar-koltozott-a-bevasarlokozpontba-fotok.html\" target=\"_blank\">OlvasShopping \u2013 k\u00f6nyvt\u00e1r k\u00f6lt\u00f6z\u00f6tt a bev\u00e1s\u00e1rl\u00f3k\u00f6zpontba + fot\u00f3k<\/a> (szegedma.hu)<\/p>\n<p><a href=\"http:\/\/www.delmagyar.hu\/szeged_hirek\/ulles_a_legtobbet_olvaso_megyei_telepules\/2354511\/\" target=\"_blank\">\u00dcll\u00e9s a legt\u00f6bbet olvas\u00f3 megyei telep\u00fcl\u00e9s<\/a> (delmagyar.hu)<\/p>\n<p><a href=\"http:\/\/szegedma.hu\/hir\/szeged\/2013\/10\/a-csongrad-megyeiek-is-uton-utfelen-olvasnak-fotok.html\" target=\"_blank\">A Csongr\u00e1d megyeiek is \u00faton-\u00fatf\u00e9len olvasnak + fot\u00f3k<\/a> (szegedma.hu)<\/p>\n<p><a href=\"http:\/\/www.radio88.hu\/atadtak_az_olvaso_delalfold_elismereseit\" target=\"_blank\">\u00c1tadt\u00e1k az Olvas\u00f3 D\u00e9l-Alf\u00f6ld elismer\u00e9seit<\/a> (radio88.hu)<\/p>\n<p><a href=\"http:\/\/www.szegedihirek.hu\/newshirek\/julius-vegen-zarul-az-olvasasi-vetelkedo\/\" target=\"_blank\">J\u00falius v\u00e9g\u00e9n z\u00e1rul az olvas\u00e1si vet\u00e9lked\u0151<\/a> (szegedihirek.hu)<\/p>\n<p><a href=\"http:\/\/www.szentesihirek.com\/kikapcsolodas\/julius-vegen-zarul-az-olvasasi-vetelkedo\/\" target=\"_blank\">J\u00falius v\u00e9g\u00e9n z\u00e1rul az olvas\u00e1si vet\u00e9lked\u0151<\/a> (szentesihirek.com)<\/p>\n<p><a id=\"aui_3_2_0_1146\" href=\"http:\/\/www.monitorpress.eu\/hu\/hu\/hirek\/friss\/28-legujabb-cikkek-hu\/hirek\/legujabb-cikkek\/4129-jo-helyen-all-bordany-az-olvaso-del-alfoeld-programban\" target=\"_blank\">J\u00f3 helyen \u00e1ll Bord\u00e1ny az Olvas\u00f3 D\u00e9l-Alf\u00f6ld programban<\/a> (monitorpress.eu)<\/p>\n<p><a href=\"http:\/\/www.baon.hu\/bacs-kiskun\/kultura\/hol-olvasnak-a-legtobben-499909\" target=\"_blank\">Hol olvasnak a legt\u00f6bben?<\/a> (baon.hu)<\/p>\n<p><a href=\"http:\/\/www.bekesiujsag.hu\/online\/archiv\/bekesujs\/2013aprilis23_BekesiUjsag.pdf\">A J\u00f3kai bablevest\u0151l a t\u00e9v\u00e9s szak\u00e1csokig<\/a> (B\u00e9k\u00e9si \u00dajs\u00e1g 7.oldal)<\/p>\n<p><a href=\"http:\/\/kistelekjaras.hu\/index.php?module=cikk&amp;id=953&amp;mid=4\" target=\"_blank\">Faust alakja az irodalomban<\/a>\u00a0(Kistelekj\u00e1r\u00e1s-port\u00e1l)<\/p>\n<p><a href=\"http:\/\/www.delmagyar.hu\/mako_hirek\/olvaso_del-alfold\/2330430\/\" target=\"_blank\">Olvas\u00f3 D\u00e9l-Alf\u00f6ld: Mak\u00f3 is besz\u00e1ll a versenybe<\/a> (delmagyar.hu)<\/p>\n<p><a href=\"http:\/\/www.bekesiujsag.hu\/online\/index.php?option=com_content&amp;view=article&amp;id=2463:a-jokai-bablevestl-a-teves-szakacsokig&amp;catid=38:kultura&amp;Itemid=72\" target=\"_blank\">A J\u00f3kai bablevest\u0151l a t\u00e9v\u00e9s szak\u00e1csokig<\/a> (B\u00e9k\u00e9si \u00dajs\u00e1g)<\/p>\n<p><a href=\"http:\/\/www.doboz.hu\/content\/2013-febru%C3%A1r\">Irodalom a k\u00f6nyvt\u00e1rban \u00e9s a konyh\u00e1ban<\/a> (Dobozi H\u00edrmond\u00f3 3. oldal)<\/p>\n<p><a href=\"http:\/\/www.bekesiujsag.hu\/online\/archiv\/bekesujs\/2013februar13_BekesiUjsag.pdf\">Bibliai \u00e9tkek a k\u00f6nyvt\u00e1r olvas\u00f3term\u00e9ben<\/a> (B\u00e9k\u00e9si \u00dajs\u00e1g 4.oldal)<\/p>\n<p><a href=\"http:\/\/www.facebook.com\/pages\/A-legolvasottabb-telep%C3%BCl%C3%A9s-vet%C3%A9lked%C5%91\/572508849440735?ref=ts&amp;fref=ts\" target=\"_blank\">Legyen Csongr\u00e1d a D\u00e9l-Alf\u00f6ld legt\u00f6bbet olvas\u00f3 telep\u00fcl\u00e9se<\/a> (Facebook)<\/p>\n<p><a href=\"http:\/\/www.youtube.com\/watch?v=5QrmFNd3Kw4&amp;feature=youtu.be\" target=\"_blank\">Csongr\u00e1d ma &#8211; A legolvasottabb telep\u00fcl\u00e9s vet\u00e9lked\u0151<\/a> (YouTube)<\/p>\n<p><a href=\"http:\/\/olvasodelalfold.sk-szeged.hu\/wp-content\/uploads\/2013\/03\/endrei_judit_zakanyszek.pdf\" target=\"_blank\">Vend\u00e9g\u00fcnk volt Endrei Judit<\/a> (Z\u00e1k\u00e1nysz\u00e9ki Kis \u00dajs\u00e1g)<\/p>\n<p><a href=\"http:\/\/www.delmagyar.hu\/szeged_hirek\/endrei_judit_jart_a_konyvtarban\/2324019\/\" target=\"_blank\">Endrei Judit j\u00e1rt a k\u00f6nyvt\u00e1rban<\/a> (delmagyar.hu)<\/p>\n<p><a href=\"http:\/\/kistelekjaras.hu\/index.php?module=cikk&amp;id=714&amp;mid=1\" target=\"_blank\">A legh\u00edresebb szerelmesek a zen\u00e9ben<\/a>\u00a0(Kistelekj\u00e1r\u00e1s-port\u00e1l)<\/p>\n<p><a href=\"http:\/\/kistelekjaras.hu\/index.php?module=cikk&amp;id=620\" target=\"_blank\">Zefirelli szerelmesei a 11.b-ben<\/a>\u00a0(Kistelekj\u00e1r\u00e1s-port\u00e1l)<\/p>\n<p><a href=\"http:\/\/szegedimusorkalauz.hu\/2013\/02\/aktualis-jatekok-palyazatok-a-somogyi-konyvtarbol\/\" target=\"_blank\">Aktu\u00e1lis j\u00e1t\u00e9kok, p\u00e1ly\u00e1zatok a Somogyi-k\u00f6nyvt\u00e1rb\u00f3l<\/a> (Szegedi M\u0171sorkalauz)<\/p>\n<p><a href=\"http:\/\/www.radio88.hu\/delalfoldi_olvasasi_versenyt_hirdetett_a_som\" target=\"_blank\">D\u00e9l-alf\u00f6ldi olvas\u00e1si versenyt hirdetett a Somogyi-k\u00f6nyvt\u00e1r<\/a> (radio88.hu)<\/p>\n<p><a href=\"http:\/\/szeged.hu\/hirek\/17064-versenyben-nepszerusiti-az-olvasast-a-somogyi.html\" target=\"_blank\">Versenyben n\u00e9pszer\u0171s\u00edti az olvas\u00e1st a Somogyi<\/a> (szeged.hu)<\/p>\n<p><a href=\"http:\/\/szeged.hir24.hu\/szeged\/2013\/02\/08\/jatek-a-somogyi-konyvtarral\/\" target=\"_blank\">J\u00e1t\u00e9k a Somogyi-k\u00f6nyvt\u00e1rral<\/a> \u2013 T\u00f6bb vet\u00e9lked\u0151vel k\u00e9sz\u00fcl a Somogyi-k\u00f6nyvt\u00e1r&#8230; (szeged.hir24.hu)<\/p>\n<p><a href=\"http:\/\/www.delmagyar.hu\/szeged_hirek\/morahalom_is_versenyben\/2313443\/\" target=\"_blank\">M\u00f3rahalom is versenyben<\/a> \u2013 A telep\u00fcl\u00e9s is r\u00e9szt vesz a D\u00e9l-Alf\u00f6ld \u2013 Olvas\u00e1s hat\u00e1rok n\u00e9lk\u00fcl c\u00edm\u0171 versenyben. (delmagyar.hu)<\/p>\n<p><a href=\"http:\/\/www.monitorpress.eu\/ro\/hu\/hirek\/sport\/28-legujabb-cikkek-hu\/hirek\/legujabb-cikkek\/3397-a-no-ezer-arca\" target=\"_blank\">A n\u0151 ezer arca&#8230;<\/a> (monitorpress.eu)<\/p>\n<h3>Kapcsol\u00f3d\u00f3 k\u00e9pek:<\/h3>","protected":false},"excerpt":{"rendered":"<p>Versengtek a k\u00f6nyvt\u00e1rak (szabadfold.hu) Somogyi-k\u00f6nyvt\u00e1r, flashmob a szegedi \u00c1rk\u00e1dban (youtube.com) OlvasShopping \u2013 k\u00f6nyvt\u00e1r k\u00f6lt\u00f6z\u00f6tt a bev\u00e1s\u00e1rl\u00f3k\u00f6zpontba + fot\u00f3k (szegedma.hu) \u00dcll\u00e9s a legt\u00f6bbet olvas\u00f3 megyei telep\u00fcl\u00e9s (delmagyar.hu) A Csongr\u00e1d megyeiek is \u00faton-\u00fatf\u00e9len olvasnak + fot\u00f3k (szegedma.hu) \u00c1tadt\u00e1k az Olvas\u00f3 D\u00e9l-Alf\u00f6ld elismer\u00e9seit &hellip; <a href=\"http:\/\/olvasodelalfold.sk-szeged.hu\/?page_id=263\">Folytat\u00e1s <span class=\"meta-nav\">&rarr;<\/span><\/a><\/p>\n","protected":false},"author":2,"featured_media":0,"parent":0,"menu_order":4,"comment_status":"closed","ping_status":"open","template":"","meta":{"ngg_post_thumbnail":0,"footnotes":""},"class_list":["post-263","page","type-page","status-publish","hentry"],"_links":{"self":[{"href":"http:\/\/olvasodelalfold.sk-szeged.hu\/index.php?rest_route=\/wp\/v2\/pages\/263","targetHints":{"allow":["GET"]}}],"collection":[{"href":"http:\/\/olvasodelalfold.sk-szeged.hu\/index.php?rest_route=\/wp\/v2\/pages"}],"about":[{"href":"http:\/\/olvasodelalfold.sk-szeged.hu\/index.php?rest_route=\/wp\/v2\/types\/page"}],"author":[{"embeddable":true,"href":"http:\/\/olvasodelalfold.sk-szeged.hu\/index.php?rest_route=\/wp\/v2\/users\/2"}],"replies":[{"embeddable":true,"href":"http:\/\/olvasodelalfold.sk-szeged.hu\/index.php?rest_route=%2Fwp%2Fv2%2Fcomments&post=263"}],"version-history":[{"count":34,"href":"http:\/\/olvasodelalfold.sk-szeged.hu\/index.php?rest_route=\/wp\/v2\/pages\/263\/revisions"}],"predecessor-version":[{"id":2562,"href":"http:\/\/olvasodelalfold.sk-szeged.hu\/index.php?rest_route=\/wp\/v2\/pages\/263\/revisions\/2562"}],"wp:attachment":[{"href":"http:\/\/olvasodelalfold.sk-szeged.hu\/index.php?rest_route=%2Fwp%2Fv2%2Fmedia&parent=263"}],"curies":[{"name":"wp","href":"https:\/\/api.w.org\/{rel}","templated":true}]}}